{"id":406,"date":"2022-01-14T11:47:03","date_gmt":"2022-01-14T10:47:03","guid":{"rendered":"https:\/\/yahad.mt\/?page_id=406"},"modified":"2022-01-19T16:51:24","modified_gmt":"2022-01-19T15:51:24","slug":"lassana","status":"publish","type":"page","link":"https:\/\/yahad.mt\/mt\/lassana\/","title":{"rendered":"Lassana"},"content":{"rendered":"\n<div class=\"wp-block-image\"><figure class=\"alignleft size-full is-resized\"><img loading=\"lazy\" decoding=\"async\" src=\"https:\/\/yahad.mt\/wp-content\/uploads\/2022\/01\/Lassana.png\" alt=\"\" class=\"wp-image-125\" width=\"256\" height=\"400\" srcset=\"https:\/\/yahad.mt\/wp-content\/uploads\/2022\/01\/Lassana.png 1024w, https:\/\/yahad.mt\/wp-content\/uploads\/2022\/01\/Lassana-384x600.png 384w, https:\/\/yahad.mt\/wp-content\/uploads\/2022\/01\/Lassana-768x1199.png 768w, https:\/\/yahad.mt\/wp-content\/uploads\/2022\/01\/Lassana-984x1536.png 984w\" sizes=\"auto, (max-width: 256px) 100vw, 256px\" \/><\/figure><\/div>\n\n\n\n<p>Fis-6 ta\u2019 April 2019, Lassana Cisse Souleymane, \u0127addiem migrant ta\u2019 42 sena mill-<a href=\"https:\/\/en.wikipedia.org\/wiki\/Ivory_Coast\">Kosta tal-Avorju<\/a>, inqatel bi <a href=\"https:\/\/en.wikipedia.org\/wiki\/Drive-by_shooting\">sparatura minn karozza<\/a> f\u2019<a href=\"https:\/\/en.wikipedia.org\/wiki\/\u0126al_Far\">\u0126al Far<\/a> ,f\u2019dak li huwa meqjus b\u0127ala l-ewwel qtil razzist ta\u2019 profil g\u0127oli f\u2019Malta. \u017bew\u0121 migranti Afrikani o\u0127ra wkoll indarbu fl-attakk. Minn dak li nafu sa issa, jidher li Lassana ma nqatel g\u0127all-ebda ra\u0121uni \u0127lief mill-fatt li kien \u201cjidher differenti\u201d. F\u2019Mejju 2019, is-suldati tal-<a href=\"https:\/\/en.wikipedia.org\/wiki\/Armed_Forces_of_Malta\">Forzi Armati ta\u2019 Malta<\/a> Francesco Fenech u Lorin Scicluna \u0121ew mixlija bil-qtil ta\u2019 Cisse u tal-attentat ta\u2019 qtil tat-tnejn l-o\u0127rajn, flimkien mal-attentat ta\u2019 qtil ta\u2019 migrant ie\u0127or li <a href=\"https:\/\/en.wikipedia.org\/wiki\/Hit_and_run\">ttajjar b\u2019vettura<\/a> fi Frar ta\u2019 qabel. F\u2019dan l-istadju, l-imputati wie\u0121bu li mhumiex \u0127atja u l-pro\u010bess g\u0127adu g\u0127addej. Lassana kien missier ta\u2019 tlett itfal, u hu nnifsu kien tifel wa\u0127du.<\/p>\n\n\n\n<div class=\"wp-block-image\"><figure class=\"alignright size-full is-resized\"><img loading=\"lazy\" decoding=\"async\" src=\"https:\/\/yahad.mt\/wp-content\/uploads\/2022\/01\/Prejudice.png\" alt=\"\" class=\"wp-image-376\" width=\"256\" height=\"243\" srcset=\"https:\/\/yahad.mt\/wp-content\/uploads\/2022\/01\/Prejudice.png 1024w, https:\/\/yahad.mt\/wp-content\/uploads\/2022\/01\/Prejudice-600x570.png 600w, https:\/\/yahad.mt\/wp-content\/uploads\/2022\/01\/Prejudice-768x730.png 768w\" sizes=\"auto, (max-width: 256px) 100vw, 256px\" \/><\/figure><\/div>\n\n\n\n<p>Lassana jirrappre\u017centa l-vittmi kollha tal-pre\u0121udizzju u l-mibeg\u0127da ta\u2019 dawk li ma jridux jirrispettaw id-dinjit\u00e0 u d-differenza unika tal-o\u0127rajn. Ismu jinsab ma\u0121enb l-ismijiet \u2013 spiss mhux mag\u0127rufa \u2013 ta\u2019 dawk in-nies kollha li mietu fil-ba\u0127ar madwarna u li huma l-vittmi ta\u2019 politiki lokali u Ewropej li jag\u0127mluha prattikament impossibbli biex l-applikanti g\u0127all-a\u017cil jil\u0127qu l-Ewropa b\u2019mod sigur u legali, sa\u0127ansitra jekk dan ifisser li eluf se jmutu u eluf o\u0127ra se jintbag\u0127tu l-Libja biex jaffa\u010b\u010baw kundizzjonijiet li kemm-il darba n\u0121ibdet l-attenzjoni dwar li kienu estremament \u0127\u017ciena. Lassana huwa wkoll il-wi\u010b\u010b ta\u2019 dawk kollha li ta\u2019 kuljum huma l-vittimi ta\u2019 mikroaggressjonijiet fil-forma ta\u2019 interazzjonijiet sottili, intenzjonati jew mhux, li jikkomunikaw pre\u0121udizzju kontra \u0127addie\u0127or min\u0127abba differenzi f\u2019lewn il-\u0121ilda jew ir-razza tag\u0127hom. Online kif ukoll offline, il-lingwa\u0121\u0121 tag\u0127na spiss jirrifletti ostilit\u00e0 u vjolenza allarmanti lejn min huwa \u201cdifferenti\u201d minna<a href=\"#_ftn1\"><sup>[1]<\/sup><\/a>. Kien biss f\u2019\u0121img\u0127at re\u010benti li fl-a\u0127\u0127ar bdiet tittie\u0127ed azzjoni mill-pulizija kontra dawk li jxerrdu l-mibeg\u0127da razzjali mill-kumdit\u00e0 tal-iskrins tag\u0127hom<a href=\"#_ftn2\"><sup>[2]<\/sup><\/a>. Barra minn hekk, id-diskriminazzjoni razzjali mhijiex limitata g\u0127at-twemmin u l-azzjonijiet ta\u2019 individwi. Hija wkoll sistemika u istituzzjonalizzata<a href=\"#_ftn3\"><sup>[3]<\/sup><\/a>. Pere\u017cempju, filwaqt li r-rapport dwar l-inkjesta interna, li s\u2019issa g\u0127adu ma \u0121iex ippublikat, li saret wara l-qtil ta\u2019 Lassana ma sab l-ebda evidenza ta\u2019 razzi\u017cmu fil-Forzi Armati, kien ikun \u0127afna aktar xieraq li ssir inkjesta indipendenti b\u0127ala risposta g\u0127as-serjet\u00e0 tas-sitwazzjoni.<\/p>\n\n\n\n<blockquote class=\"wp-block-quote right is-layout-flow wp-block-quote-is-layout-flow\"><p>&#8220;Online kif ukoll offline, il-lingwa\u0121\u0121 tag\u0127na spiss jirrifletti ostilit\u00e0 u vjolenza allarmanti lejn min huwa \u201cdifferenti\u201d minna&#8221;<\/p><\/blockquote>\n\n\n\n<div class=\"wp-block-image\"><figure class=\"alignleft size-full is-resized\"><img loading=\"lazy\" decoding=\"async\" src=\"https:\/\/yahad.mt\/wp-content\/uploads\/2022\/01\/Discarded.png\" alt=\"\" class=\"wp-image-372\" width=\"256\" height=\"341\" srcset=\"https:\/\/yahad.mt\/wp-content\/uploads\/2022\/01\/Discarded.png 1024w, https:\/\/yahad.mt\/wp-content\/uploads\/2022\/01\/Discarded-450x600.png 450w, https:\/\/yahad.mt\/wp-content\/uploads\/2022\/01\/Discarded-768x1024.png 768w\" sizes=\"auto, (max-width: 256px) 100vw, 256px\" \/><\/figure><\/div>\n\n\n\n<p>Lassana, b\u0127al bosta migranti o\u0127ra, kien qed jikkontribwixxi g\u0127as-su\u010b\u010bess ekonomiku ta\u2019 dan il-pajji\u017c. Huwa fatt li spiss inkunu lesti li \u201cnilqg\u0127u\u201d l-migranti, dment li jkollna b\u017connhom biex isostnu l-attivit\u00e0 ekonomika tag\u0127na, biex imbag\u0127ad niskartawhom meta jwe\u0121\u0121g\u0127u u ma jibqax ikollna b\u017connhom. \u017bgur m\u2019a\u0127niex se n\u0127alluhom iqisu lil Malta b\u0127ala darhom. Dan kien evidenti tul il-kri\u017ci tal-Covid meta dawk li jfasslu l-politika g\u0127amluha \u010bara \u0127afna li, min\u0127abba r-re\u010bessjoni ekonomika, il-migranti kollha kellhom jintbag\u0127tu lura fil-pajji\u017c tal-ori\u0121ini tag\u0127hom, ladarba ma kinux g\u0127adhom \u201cme\u0127tie\u0121a\u201d<a href=\"#_ftn4\"><sup>[4]<\/sup><\/a>. Biex l-istess nies, ftitwara, qajmu l-allarm dwar in-nuqqas ta\u2019 \u201c\u0127addiema\u201d meta l-ekonomija re\u0121g\u0127et fet\u0127et fl-2021<a href=\"#_ftn5\"><sup>[5]<\/sup><\/a>. Bosta studji wrew kif l-istorja ta\u2019 su\u010bess ekonomiku tag\u0127na tiddependi parzjalment fuq il-pre\u017cenza tal-migranti u n-nies lokali li b\u0127ala kumpens tax-xog\u0127ol iebes tag\u0127hom jit\u0127allsu l-paga minima jew inqas. Ladarba din il-paga spiss mhijiex bi\u017c\u017cejjed g\u0127al g\u0127ajxien de\u010benti<a href=\"#_ftn6\"><sup>[6]<\/sup><\/a>, \u0127afna huma dawk li jispi\u010b\u010baw jg\u0127ixu f\u2019akkomodazzjoni inadegwata li g\u0127al darb\u2019o\u0127ra ma tirrispettax id-dinjit\u00e0 tal-bnedmin u d-dritt g\u0127al \u0127ajja tal-familja<a href=\"#_ftn7\"><sup>[7]<\/sup><\/a>. <\/p>\n\n\n\n<p>L-g\u0127an tag\u0127na hawn \u010bertament mhuwiex li nag\u0127mlu anali\u017ci bir-reqqa ta\u2019 politiki u kwistjonijiet li ovvjament huma estremament kumplessi u g\u0127andhom bosta lati. Huwa pjuttost li nqajmu g\u0127add ta\u2019 mistoqsijiet skomdi dwar in-normi u l-valuri li jiggvernaw il-\u0127ajja tag\u0127na flimkien, f&#8217;tentattiv li niskopru l-problemi sottostanti tas-sistema attwali li jag\u0127mluha insostenibbli fit-terminu t-twil, kemm mill-perspettiva morali, kif ukoll ekonomika.&nbsp; Irridu nistaqsu lilna nfusna, pere\u017cempju, jekk a\u0127niex komdi nag\u0127tu \u010b-\u010bittadinanza lil nies ming\u0127ajr ebda rabta \u0121enwina ma\u2019 Malta basta jkunu lesti j\u0127allsu g\u0127aliha, filwaqt li nag\u0127mluha prattikament impossibbli g\u0127an-nies li ilhom jg\u0127ixu hawn Malta g\u0127al snin biex isiru \u010bittadini Maltin. F\u2019dak li jirrigwarda l-applikanti g\u0127all-a\u017cil, nirrikonoxxu li l-pajji\u017ci Ewropej jistg\u0127u u g\u0127andhom jag\u0127mlu aktar biex joffru g\u0127ajnuna konkreta lill-pajji\u017ci tal-fruntiera b\u0127al Malta. Mill-banda l-o\u0127ra, l-u\u017cu kostanti u \u0127a\u017cin tal-argument \u201cfull up\u201d qatt ma jista\u2019 je\u017conerana mir-responsabbilt\u00e0 legali u morali tag\u0127na li nirrispondu g\u0127as-sej\u0127iet mid-dg\u0127ajjes f\u2019diffikult\u00e0.&nbsp; Jekk il-kejl veru ta\u2019 so\u010bjet\u00e0 jidher fil-mod &nbsp;kif tittratta l-membri l-aktar dg\u0127ajfa tag\u0127ha, dan kollu g\u0127andu jservi ta\u2019 twissija li ma tistax tibqa\u2019 t\u0127allina indifferenti.<\/p>\n\n\n\n<hr class=\"wp-block-separator\"\/>\n\n\n\n<p id=\"_ftn1\">[1] Cf. <em>Footage emerges of black man getting beaten, thrown in sea in Gozo<\/em>, <a href=\"https:\/\/timesofmalta.com\/articles\/view\/footage-emerges-of-black-man-getting-beaten-thrown-in-sea-in-gozo.888865\">https:\/\/timesofmalta.com\/articles\/view\/footage-emerges-of-black-man-getting-beaten-thrown-in-sea-in-gozo.888865<\/a> (a\u010b\u010bessata 16\/09\/2021); <em>Asylum seeker warns of danger in Marsa street after assault, <\/em><a href=\"https:\/\/timesofmalta.com\/articles\/view\/asylum-seeker-warns-of-danger-in-marsa-street-after-assault.899852\">https:\/\/timesofmalta.com\/articles\/view\/asylum-seeker-warns-of-danger-in-marsa-street-after-assault.899852<\/a> (a\u010b\u010bessata 16\/09\/2021)<\/p>\n\n\n\n<p id=\"_ftn2\">[2] Cf. <em>Another 20 people to be charged with online hate speech,<\/em> <a href=\"https:\/\/timesofmalta.com\/articles\/view\/another-20-people-to-be-charged-with-online-hate-speech.898453\">https:\/\/timesofmalta.com\/articles\/view\/another-20-people-to-be-charged-with-online-hate-speech.898453<\/a> (a\u010b\u010bessata 16\/09\/2021)<\/p>\n\n\n\n<p id=\"_ftn3\">[3] \u201cHuwa \u010bar ukoll g\u0127all-osservatur ka\u017cwali li l-minoranzi razzjali, etni\u010bi u reli\u0121ju\u017ci f\u2019Malta jiffa\u010b\u010bjaw diskriminazzjoni strutturali fl-oqsma tal-abitazzjoni, tal-impjiegi, fl-operazzjonijiet tal-pulizija u fis-sistema tal-\u0121ustizzja.\u201d; \u201cIl-minoranzi razzjali u etni\u010bi huma so\u0121\u0121etti g\u0127al razzi\u017cmu sistemiku meta ji\u0121u f\u2019kuntatt mal-infurzar tal-li\u0121i u mas-sistema tal-\u0121ustizzja kriminali.\u201d; <span class=\"uppercase\">Is-Segretarjat Parlamentari g\u0127all-Ugwaljanza u r-Riformi<\/span>, Lejn Pjan ta\u2019 Azzjoni Nazzjonali kontra r-Razzi\u017cmu u l-Ksenofobija, 8; 15<\/p>\n\n\n\n<p id=\"_ftn4\">[4] Cf. <em>Foreigners who lose jobs will \u2018go back to their country\u2019 \u2013 minister, <\/em><a href=\"https:\/\/timesofmalta.com\/articles\/view\/governments-priority-is-to-safeguard-jobs-of-maltese-nationals.778874\">https:\/\/timesofmalta.com\/articles\/view\/governments-priority-is-to-safeguard-jobs-of-maltese-nationals.778874<\/a> (a\u010b\u010bessata 16\/09\/2021)<\/p>\n\n\n\n<p id=\"_ftn5\">[5] Cf. <em>Restaurant and hotel sectors facing employment crises<\/em>, <a href=\"https:\/\/www.independent.com.mt\/articles\/2021-06-12\/local-news\/Restaurant-and-hotel-sectors-facing-employment-crisis-6736234274\">https:\/\/www.independent.com.mt\/articles\/2021-06-12\/local-news\/Restaurant-and-hotel-sectors-facing-employment-crisis-6736234274<\/a> (a\u010b\u010bessata 16\/09\/2021)<\/p>\n\n\n\n<p id=\"_ftn6\">[6] Cf. Caritas Malta, <em>A Minimum Essential Budget for a Decent living 2020. <\/em>&nbsp;<\/p>\n\n\n\n<p id=\"_ftn7\">[7] Cf. <em>Watch: Migrants found living \u2018inhumanely\u2019 in Cow stalls in Qormi, <\/em><a href=\"https:\/\/timesofmalta.com\/articles\/view\/enforcement-team-hones-in-on-farmhouse-in-qormi.686704\">https:\/\/timesofmalta.com\/articles\/view\/enforcement-team-hones-in-on-farmhouse-in-qormi.686704<\/a> (a\u010b\u010bessata 16\/09\/2021)<\/p>\n","protected":false},"excerpt":{"rendered":"<p class=\"excerpt\">Fis-6 ta\u2019 April 2019, Lassana Cisse Souleymane, \u0127addiem migrant ta\u2019 42 sena mill-Kosta tal-Avorju, inqatel bi sparatura minn karozza f\u2019\u0126al Far ,f\u2019dak li huwa meqjus b\u0127ala l-ewwel qtil razzist ta\u2019 profil g\u0127oli f\u2019Malta. \u017bew\u0121 migranti Afrikani o\u0127ra wkoll indarbu fl-attakk. Minn dak li nafu sa issa, jidher li Lassana ma nqatel g\u0127all-ebda ra\u0121uni \u0127lief mill-fatt [&hellip;]<\/p>\n","protected":false},"author":1,"featured_media":0,"parent":0,"menu_order":0,"comment_status":"closed","ping_status":"closed","template":"","meta":{"_editorskit_title_hidden":false,"_editorskit_reading_time":4,"_editorskit_typography_data":[],"_editorskit_blocks_typography":"","_editorskit_is_block_options_detached":false,"_editorskit_block_options_position":"{}","footnotes":""},"class_list":["post-406","page","type-page","status-publish","hentry"],"_links":{"self":[{"href":"https:\/\/yahad.mt\/mt\/wp-json\/wp\/v2\/pages\/406","targetHints":{"allow":["GET"]}}],"collection":[{"href":"https:\/\/yahad.mt\/mt\/wp-json\/wp\/v2\/pages"}],"about":[{"href":"https:\/\/yahad.mt\/mt\/wp-json\/wp\/v2\/types\/page"}],"author":[{"embeddable":true,"href":"https:\/\/yahad.mt\/mt\/wp-json\/wp\/v2\/users\/1"}],"replies":[{"embeddable":true,"href":"https:\/\/yahad.mt\/mt\/wp-json\/wp\/v2\/comments?post=406"}],"version-history":[{"count":7,"href":"https:\/\/yahad.mt\/mt\/wp-json\/wp\/v2\/pages\/406\/revisions"}],"predecessor-version":[{"id":659,"href":"https:\/\/yahad.mt\/mt\/wp-json\/wp\/v2\/pages\/406\/revisions\/659"}],"wp:attachment":[{"href":"https:\/\/yahad.mt\/mt\/wp-json\/wp\/v2\/media?parent=406"}],"curies":[{"name":"wp","href":"https:\/\/api.w.org\/{rel}","templated":true}]}}